{"id":58,"date":"2024-12-19T13:58:21","date_gmt":"2024-12-19T13:58:21","guid":{"rendered":"https:\/\/www.cgtbaixllobregat.cat\/?page_id=58"},"modified":"2024-12-19T13:58:21","modified_gmt":"2024-12-19T13:58:21","slug":"qui-som","status":"publish","type":"page","link":"https:\/\/www.cgtbaixllobregat.cat\/index.php\/qui-som\/","title":{"rendered":"Qui som"},"content":{"rendered":"\n<p><strong>Tant de bo fos tan directe i senzill explicar qu\u00e8 i qui som apel\u00b7lant tan sols a la qualitat moral de quantes persones formem avui la CGT. No ho \u00e9s, per\u00f2 de ben segur que un dels arguments que t&#8217;han acostat a nosaltres i nosaltres o que han motivat la teva curiositat \u00e9s la pr\u00e0ctica que duen a terme els qui avui constitu\u00efm la CGT.<\/strong><\/p>\n\n\n\n<p>Som, la CGT, una organitzaci\u00f3 de molts anys per\u00f2 amb un nom encara molt recent. Plets de fam\u00edlia i decisions judicials ens van privar un dia, all\u00e0 per abril de 1989, de les nostres originals sigles, les de la CNT, encara que les continuem portant en el cor i continuem tractant de mer\u00e8ixer-les amb la nostra actuaci\u00f3 i de col\u00b7locar-les en el lloc que exigeixen els temps que vivim.<\/p>\n\n\n\n<p>Hereus i hereves per voluntat d&#8217;una hist\u00f2ria, no per aix\u00f2 pensem que aquesta hagi de ser intocable. Tot el contrari, es deterioraria si no tract\u00e9ssim cada dia d&#8217;extreure d&#8217;ella el millor i d&#8217;adaptar-la al que demanda la societat actual.<\/p>\n\n\n\n<p>El primer que hem de dir \u00e9s que som una organitzaci\u00f3 de persones que tracten de canviar una societat que no els agrada per desigual, injusta, autorit\u00e0ria i, en les m\u00e9s de les vegades, irracional. Per a aix\u00f2 treballem en molt diversos camps del quotidi\u00e0, del sindical a tot el que tingui a veure amb el social, lluitant per reparar a cada moment les injust\u00edcies que ens envolten. Som conscients de la dificultat de la tasca d&#8217;un canvi radical de l&#8217;actual estat de coses, per\u00f2 ens aprestem a aix\u00f2 en la confian\u00e7a en l&#8217;immediat, en les nostres condicions de vida i forma de quants participen en ella en un esperit diferent, rebel i transformador de quant sofrim i de quant no creiem just.<\/p>\n\n\n\n<p>No som les \u00faniques persones disposades a canviar les coses a millor. Ens diferencien d&#8217;unes altres sobretot els mitjans per a aconseguir-ho. Aix\u00ed, el nostre principi \u00e9s l&#8217;autonomia. L&#8217;autonomia no \u00e9s una altra cosa que pensar i actuar conforme al criteri que nom\u00e9s actuant juntes amb independ\u00e8ncia absoluta, la classe treballadora i quantes persones se senten explotades podrem aconseguir alguna cosa. Es deia que l&#8217;emancipaci\u00f3 dels i les treballadores seria obra d&#8217;elles mateixes o que, en cas contrari, no ho seria.<\/p>\n\n\n\n<p>Aix\u00f2 que diem significa moltes coses. Una, que estem al marge de partits, poders i doctrines distintes de la que ens hem dotat, i que no depenem per a res de cap d&#8217;ells. Que quant fem respon a la suma d&#8217;esperits particulars de cada persona, i no a mandats, imperatius o estrat\u00e8gies alienes.<\/p>\n\n\n\n<p>Per\u00f2 una altra cosa que significa \u00e9s que la nostra voluntat \u00e9s la de fer les coses per nosaltres i nosaltres mateixes. Vivim un m\u00f3n cada vegada m\u00e9s organitzat i quadriculat, on les possibilitats reals de la persona de fer quant li demana una voluntat respectuosa amb els drets de les altres, \u00e9s cada vegada menor. Per aix\u00f2 instem i estipulem la participaci\u00f3 de totes i cadascuna en la vida interna i externa de la nostra organitzaci\u00f3, en les seves assemblees, en les lluites, en la responsabilitat a l&#8217;hora d&#8217;assumir tasques o c\u00e0rrecs. Una organitzaci\u00f3 que dep\u00e8n de les persones m\u00e9s llestes, de les m\u00e9s lliurades, de les quals m\u00e9s temps tenen o de les quals treballen al seu servei, \u00e9s una organitzaci\u00f3 morta, sense possibilitats. Cada persona ha d&#8217;implicar-se en la tasca de totes, en la mesura de la seva disponibilitat, voluntat i entusiasme. Per\u00f2 el que no s&#8217;aconsegueix per una mateixa o per la contribuci\u00f3 al col\u00b7lectiu d&#8217;una mateixa, de poc serveix. En l&#8217;antiguitat deien tamb\u00e9 all\u00f2 que \u201csi hi ha pastors \u00e9s sobretot perqu\u00e8 hi ha ovelles\u201d, si hi ha una persona que mana \u00e9s perqu\u00e8 unes altres han abandonat la responsabilitat que tenien en la marxa dels seus propis assumptes.<\/p>\n\n\n\n<p>Si per sobre de tot posem la llibertat individual i la igualtat de quantes persones componem aquesta organitzaci\u00f3, no podem sin\u00f3 fer el propi amb les entitats que constitu\u00efm. L&#8217;organitzaci\u00f3 de baix cap amunt, el federalisme, \u00e9s el que ens caracteritza. Segons aix\u00f2, i en el terreny sindical, diversos nivells actuen amb total autonomia i es coordinen entre si per a ser m\u00e9s eficaces. L&#8217;afiliaci\u00f3 s&#8217;organitza primer en el seu sindicat que constitueix el nucli b\u00e0sic i sobir\u00e0 de l&#8217;organitzaci\u00f3. Dins del sindicat es formen les seccions sindicals que agrupen l&#8217;afiliaci\u00f3 d&#8217;una empresa o sector. Els sindicats d&#8217;una mateixa localitat constitueixen la Federaci\u00f3 d&#8217;aquest lloc. Les Federacions Locals de cada territori (Andalusia, Catalunya, Ast\u00faries\u2026) formen les corresponents Confederacions Territorials. Les Confederacions Territorials i les Federacions de Rama dels diferents sindicats (Metall, Sanitat, Administraci\u00f3 P\u00fablica\u2026) juntament amb el Secretariat Permanent conformen el Comit\u00e8 Confederal de la CGT, m\u00e0xim organisme de gesti\u00f3 entre Congressos. Com veus, una Organitzaci\u00f3 que des del nucli original del Sindicat s&#8217;estructura en dos nivells d&#8217;intervenci\u00f3: el territorial i el sectorial.<\/p>\n\n\n\n<p>En cadascun dels nivells s&#8217;actua independentment. Es prenen les decisions que comprometen a aquesta secci\u00f3, sindicat, federaci\u00f3 de branca, confederaci\u00f3 territorial o el que sigui, sense directrius alienes. Aix\u00ed, l&#8217;autonomia nom\u00e9s es troba limitada per la pertinen\u00e7a volunt\u00e0ria a una organitzaci\u00f3 confederal d&#8217;espai m\u00e9s ampli, que obliga per decisi\u00f3 pr\u00f2pia a ser fidel als acords i compromisos comunament adquirits.<\/p>\n\n\n\n<p>Aix\u00f2 no evita l&#8217;exist\u00e8ncia de conflictes o de tensions. Encara que resulti inc\u00f2mode, la CGT t\u00e9 m\u00e9s a veure amb la dif\u00edcil diversitat que amb la mon\u00f2tona, avorrida i senzilla coincid\u00e8ncia. Potser \u00e9s perqu\u00e8 l&#8217;esperit lliure t\u00e9 per for\u00e7a que dona lloc a discrep\u00e0ncies i dissid\u00e8ncies, i perqu\u00e8 el nostre estil no \u00e9s ofegar-les mitjan\u00e7ant disciplines o resolucions de cap executiva interna. Els conflictes entre nosaltres i nosaltres els procurem arreglar amb sentit com\u00fa i amb respecte a les parts discrepants. Moltes vegades ho aconseguim, unes altres no.<\/p>\n\n\n\n<p>I \u00e9s que ens reclamem d&#8217;aquest esperit i tradici\u00f3 llibert\u00e0ria, anarquista. Per aix\u00f2 parlem d&#8217;i tractem de fer possible la relaci\u00f3 federal, l&#8217;autogesti\u00f3 o el que cadasc\u00fa sigui capa\u00e7 de resoldre el seu, la solidaritat quan la for\u00e7a pr\u00f2pia no \u00e9s suficient, l&#8217;acci\u00f3 directa per a solucionar sense intermediacions els nostres problemes, l&#8217;autonomia respecte de partits i esgl\u00e9sies, el respecte -com no !- a les diferents opinions que conviuen en l&#8217;organitzaci\u00f3, la necessitat de portar i compartir les nostres ganes de lluita amb el m\u00f3n sencer, i la voluntat realment transformadora d&#8217;aquesta societat injusta. Tot aix\u00f2, i alguna cosa m\u00e9s, \u00e9s el que anima a les persones llibert\u00e0ries, a les anarcosindicalistes, a les sindicalistes revolucion\u00e0ries, a les rebels. D&#8217;aquestes som nosaltres, nosaltres.<\/p>\n\n\n\n<p>Una \u00faltima q\u00fcesti\u00f3 : quin \u00e9s l&#8217;escenari de la lluita per canviar les coses? No n&#8217;hi ha perqu\u00e8 ho \u00e9s tot. All\u00ed on est\u00e0 la injust\u00edcia cal intervenir. I s&#8217;assenyala aix\u00f2 perqu\u00e8, com agradem de dir aqu\u00ed, som m\u00e9s que un sindicat. Som, en la CGT, b\u00e0sicament un sindicat, una organitzaci\u00f3 que actua en el m\u00f3n del treball. Per\u00f2 ni tots els problemes estan nom\u00e9s en aquest m\u00f3n, ni nom\u00e9s la persona treballadora cl\u00e0ssica -si aix\u00f2 existeix ja- t\u00e9 un lloc entre nosaltres i nosaltres. Persones sindicalistes, insubmises, antiautorit\u00e0ries, amb oposici\u00f3 al sexisme, ecologistes, \u2026, cadascuna en el seu paper, sense especialitzacions revolucion\u00e0ries, conscients que la labor transformadora est\u00e0 a tot arreu.<\/p>\n\n\n\n<p>Amb aquestes poques l\u00ednies no es pretenia -ni s&#8217;aconsegueix- sin\u00f3 un primer acostament a la CGT. Les definicions solen servir de ben poc, i per aix\u00f2 no ens allarguem m\u00e9s. Per sobre del que diguem de nosaltres i nosaltres mateixes, som el que som, la qual cosa ve a dir que la CGT no \u00e9s m\u00e9s que la suma d&#8217;aquest, d&#8217;aquella, de l&#8217;altre, \u2026 i de tu mateixa, si t&#8217;animes.<\/p>\n\n\n\n<p>EL TEMPS QUE VIVIM.<\/p>\n\n\n\n<p>Per\u00f2 m\u00e9s enll\u00e0 de les presentacions, vivim una actualitat que mereix algun comentari. Temps de canvi, certament, instal\u00b7lats sobre unes possibilitats tecnol\u00f2giques noves, sobre un agressiu discurs per part dels qui tenen el poder, els diners i la capacitat de decisi\u00f3, sobre una passivitat preocupant per part del sindicalisme oficial, i sobre una resignaci\u00f3 que s&#8217;est\u00e9n pel conjunt social.<\/p>\n\n\n\n<p>Vivim una societat cada dia m\u00e9s rica i cada dia amb un major nombre de persones pobres.<\/p>\n\n\n\n<p>Cada dia amb m\u00e9s possibilitats materials de millorar la vida de la majoria, per\u00f2 en la realitat, cada dia m\u00e9s amena\u00e7ador d&#8217;aquestes condicions de vida. S&#8217;ha imposat un discurs -aquest que anomenem neoliberal- que estableix la productivitat i el guany com a \u00faniques raons, menyspreant les conquestes socials o la necessitat de proporcionar uns m\u00ednims vitals per a la gent. La freda l\u00f2gica econ\u00f2mica s&#8217;ha menjat el social. Aqu\u00ed tenim la pol\u00edtica de privatitzaci\u00f3 d&#8217;empreses i serveis p\u00fablics, les retallades successives a les prestacions per desocupaci\u00f3, la disminuci\u00f3 i privatitzaci\u00f3 del sistema de pensions o el retroc\u00e9s i depreciaci\u00f3 de la sanitat o de l&#8217;escola p\u00fablica.<\/p>\n\n\n\n<p>Per desgr\u00e0cia, el sindicalisme no \u00e9s ali\u00e8 a tot aix\u00f2. Les encara recents signatures de la nova reforma laboral o de l&#8217;acord per a la modificaci\u00f3 del sistema de pensions deixen b\u00e9 a les clares com el sindicalisme oficial, el de CCOO i UGT, est\u00e0 disposat a acceptar tot el que li posin davant i a tenir per \u00fanic horitz\u00f3 el gestionar les engrunes que li deixa Dons Diners. Res de mobilitzar a la classe treballadora, res de fer valer la seva for\u00e7a social. I si potser se&#8217;ls mobilitza, aqu\u00ed tenim l&#8217;exemple de les i els treballadors de la funci\u00f3 p\u00fablica fa pocs mesos: uns focs artificials per a justificar-se aquests sindicats i aqu\u00ed pau i despr\u00e9s \u2026 congelaci\u00f3 salarial.<\/p>\n\n\n\n<p>Per descomptat que hi ha una altra manera de fer les coses, i a ella et convidem a sumar-te. Cal fer-se valer, demostrar la for\u00e7a que tenim. Cal respondre a la pol\u00edtica neoliberal que ens domina. Per\u00f2 cal fer-ho no en els discursos ni en les fotos, sin\u00f3 en la mobilitzaci\u00f3 de forces que ens disposi en millors condicions davant la negociaci\u00f3. Cal recuperar la solidaritat social, aquesta veu que sempre ens ha dit que hem de veure en tots aquells assumptes on es litiga el benestar de la majoria. Que no hi ha plets propis i aliens, que el meu no acaba en les quatre parets de la meva empresa. Que la lluita d&#8217;all\u00ed \u00e9s la meva lluita, que les pensions s\u00f3n la lluita tamb\u00e9 de la joventut, que la lluita contra l&#8217;atur ho \u00e9s tamb\u00e9 de les i els treballadors m\u00e9s o menys estables.<\/p>\n\n\n\n<p>En aquestes estem i a aquestes et convidem. CGT no et proposa la comoditat de tenir la vida arreglada a canvi d&#8217;una quota i un carnet. La nostra oferta es limita a presentar-te un espai sindical i social des del qual defensar els teus drets en companyia i suport d&#8217;uns altres i altres com tu. Res m\u00e9s que aix\u00f2. I ni m\u00e9s ni menys.<\/p>\n","protected":false},"excerpt":{"rendered":"<p>Tant de bo fos tan directe i senzill explicar qu\u00e8 i qui som apel\u00b7lant tan [&hellip;]<\/p>\n","protected":false},"author":1,"featured_media":0,"parent":0,"menu_order":0,"comment_status":"closed","ping_status":"closed","template":"","meta":{"footnotes":""},"class_list":["post-58","page","type-page","status-publish","hentry"],"yoast_head":"<!-- This site is optimized with the Yoast SEO plugin v27.2 - https:\/\/yoast.com\/product\/yoast-seo-wordpress\/ -->\n<title>Qui som - Federaci\u00f3 Comarcal de la CGT Baix Llobregat<\/title>\n<meta name=\"robots\" content=\"index, follow, max-snippet:-1, max-image-preview:large, max-video-preview:-1\" \/>\n<link rel=\"canonical\" href=\"https:\/\/www.cgtbaixllobregat.cat\/index.php\/qui-som\/\" \/>\n<meta property=\"og:locale\" content=\"ca_ES\" \/>\n<meta property=\"og:type\" content=\"article\" \/>\n<meta property=\"og:title\" content=\"Qui som - Federaci\u00f3 Comarcal de la CGT Baix Llobregat\" \/>\n<meta property=\"og:description\" content=\"Tant de bo fos tan directe i senzill explicar qu\u00e8 i qui som apel\u00b7lant tan [&hellip;]\" \/>\n<meta property=\"og:url\" content=\"https:\/\/www.cgtbaixllobregat.cat\/index.php\/qui-som\/\" \/>\n<meta property=\"og:site_name\" content=\"Federaci\u00f3 Comarcal de la CGT Baix Llobregat\" \/>\n<meta name=\"twitter:card\" content=\"summary_large_image\" \/>\n<meta name=\"twitter:label1\" content=\"Temps estimat de lectura\" \/>\n\t<meta name=\"twitter:data1\" content=\"10 minuts\" \/>\n<script type=\"application\/ld+json\" class=\"yoast-schema-graph\">{\"@context\":\"https:\/\/schema.org\",\"@graph\":[{\"@type\":\"WebPage\",\"@id\":\"https:\/\/www.cgtbaixllobregat.cat\/index.php\/qui-som\/\",\"url\":\"https:\/\/www.cgtbaixllobregat.cat\/index.php\/qui-som\/\",\"name\":\"Qui som - Federaci\u00f3 Comarcal de la CGT Baix Llobregat\",\"isPartOf\":{\"@id\":\"https:\/\/www.cgtbaixllobregat.cat\/#website\"},\"datePublished\":\"2024-12-19T13:58:21+00:00\",\"breadcrumb\":{\"@id\":\"https:\/\/www.cgtbaixllobregat.cat\/index.php\/qui-som\/#breadcrumb\"},\"inLanguage\":\"ca\",\"potentialAction\":[{\"@type\":\"ReadAction\",\"target\":[\"https:\/\/www.cgtbaixllobregat.cat\/index.php\/qui-som\/\"]}]},{\"@type\":\"BreadcrumbList\",\"@id\":\"https:\/\/www.cgtbaixllobregat.cat\/index.php\/qui-som\/#breadcrumb\",\"itemListElement\":[{\"@type\":\"ListItem\",\"position\":1,\"name\":\"Inici\",\"item\":\"https:\/\/www.cgtbaixllobregat.cat\/\"},{\"@type\":\"ListItem\",\"position\":2,\"name\":\"Qui som\"}]},{\"@type\":\"WebSite\",\"@id\":\"https:\/\/www.cgtbaixllobregat.cat\/#website\",\"url\":\"https:\/\/www.cgtbaixllobregat.cat\/\",\"name\":\"Federaci\u00f3 Comarcal de la CGT Baix Llobregat\",\"description\":\"\",\"publisher\":{\"@id\":\"https:\/\/www.cgtbaixllobregat.cat\/#organization\"},\"potentialAction\":[{\"@type\":\"SearchAction\",\"target\":{\"@type\":\"EntryPoint\",\"urlTemplate\":\"https:\/\/www.cgtbaixllobregat.cat\/?s={search_term_string}\"},\"query-input\":{\"@type\":\"PropertyValueSpecification\",\"valueRequired\":true,\"valueName\":\"search_term_string\"}}],\"inLanguage\":\"ca\"},{\"@type\":\"Organization\",\"@id\":\"https:\/\/www.cgtbaixllobregat.cat\/#organization\",\"name\":\"Federaci\u00f3 Comarcal de la CGT Baix Llobregat\",\"url\":\"https:\/\/www.cgtbaixllobregat.cat\/\",\"logo\":{\"@type\":\"ImageObject\",\"inLanguage\":\"ca\",\"@id\":\"https:\/\/www.cgtbaixllobregat.cat\/#\/schema\/logo\/image\/\",\"url\":\"https:\/\/www.cgtbaixllobregat.cat\/wp-content\/uploads\/2024\/09\/Logo_CGTBX.png\",\"contentUrl\":\"https:\/\/www.cgtbaixllobregat.cat\/wp-content\/uploads\/2024\/09\/Logo_CGTBX.png\",\"width\":835,\"height\":825,\"caption\":\"Federaci\u00f3 Comarcal de la CGT Baix Llobregat\"},\"image\":{\"@id\":\"https:\/\/www.cgtbaixllobregat.cat\/#\/schema\/logo\/image\/\"}}]}<\/script>\n<!-- \/ Yoast SEO plugin. -->","yoast_head_json":{"title":"Qui som - Federaci\u00f3 Comarcal de la CGT Baix Llobregat","robots":{"index":"index","follow":"follow","max-snippet":"max-snippet:-1","max-image-preview":"max-image-preview:large","max-video-preview":"max-video-preview:-1"},"canonical":"https:\/\/www.cgtbaixllobregat.cat\/index.php\/qui-som\/","og_locale":"ca_ES","og_type":"article","og_title":"Qui som - Federaci\u00f3 Comarcal de la CGT Baix Llobregat","og_description":"Tant de bo fos tan directe i senzill explicar qu\u00e8 i qui som apel\u00b7lant tan [&hellip;]","og_url":"https:\/\/www.cgtbaixllobregat.cat\/index.php\/qui-som\/","og_site_name":"Federaci\u00f3 Comarcal de la CGT Baix Llobregat","twitter_card":"summary_large_image","twitter_misc":{"Temps estimat de lectura":"10 minuts"},"schema":{"@context":"https:\/\/schema.org","@graph":[{"@type":"WebPage","@id":"https:\/\/www.cgtbaixllobregat.cat\/index.php\/qui-som\/","url":"https:\/\/www.cgtbaixllobregat.cat\/index.php\/qui-som\/","name":"Qui som - Federaci\u00f3 Comarcal de la CGT Baix Llobregat","isPartOf":{"@id":"https:\/\/www.cgtbaixllobregat.cat\/#website"},"datePublished":"2024-12-19T13:58:21+00:00","breadcrumb":{"@id":"https:\/\/www.cgtbaixllobregat.cat\/index.php\/qui-som\/#breadcrumb"},"inLanguage":"ca","potentialAction":[{"@type":"ReadAction","target":["https:\/\/www.cgtbaixllobregat.cat\/index.php\/qui-som\/"]}]},{"@type":"BreadcrumbList","@id":"https:\/\/www.cgtbaixllobregat.cat\/index.php\/qui-som\/#breadcrumb","itemListElement":[{"@type":"ListItem","position":1,"name":"Inici","item":"https:\/\/www.cgtbaixllobregat.cat\/"},{"@type":"ListItem","position":2,"name":"Qui som"}]},{"@type":"WebSite","@id":"https:\/\/www.cgtbaixllobregat.cat\/#website","url":"https:\/\/www.cgtbaixllobregat.cat\/","name":"Federaci\u00f3 Comarcal de la CGT Baix Llobregat","description":"","publisher":{"@id":"https:\/\/www.cgtbaixllobregat.cat\/#organization"},"potentialAction":[{"@type":"SearchAction","target":{"@type":"EntryPoint","urlTemplate":"https:\/\/www.cgtbaixllobregat.cat\/?s={search_term_string}"},"query-input":{"@type":"PropertyValueSpecification","valueRequired":true,"valueName":"search_term_string"}}],"inLanguage":"ca"},{"@type":"Organization","@id":"https:\/\/www.cgtbaixllobregat.cat\/#organization","name":"Federaci\u00f3 Comarcal de la CGT Baix Llobregat","url":"https:\/\/www.cgtbaixllobregat.cat\/","logo":{"@type":"ImageObject","inLanguage":"ca","@id":"https:\/\/www.cgtbaixllobregat.cat\/#\/schema\/logo\/image\/","url":"https:\/\/www.cgtbaixllobregat.cat\/wp-content\/uploads\/2024\/09\/Logo_CGTBX.png","contentUrl":"https:\/\/www.cgtbaixllobregat.cat\/wp-content\/uploads\/2024\/09\/Logo_CGTBX.png","width":835,"height":825,"caption":"Federaci\u00f3 Comarcal de la CGT Baix Llobregat"},"image":{"@id":"https:\/\/www.cgtbaixllobregat.cat\/#\/schema\/logo\/image\/"}}]}},"_links":{"self":[{"href":"https:\/\/www.cgtbaixllobregat.cat\/index.php\/wp-json\/wp\/v2\/pages\/58","targetHints":{"allow":["GET"]}}],"collection":[{"href":"https:\/\/www.cgtbaixllobregat.cat\/index.php\/wp-json\/wp\/v2\/pages"}],"about":[{"href":"https:\/\/www.cgtbaixllobregat.cat\/index.php\/wp-json\/wp\/v2\/types\/page"}],"author":[{"embeddable":true,"href":"https:\/\/www.cgtbaixllobregat.cat\/index.php\/wp-json\/wp\/v2\/users\/1"}],"replies":[{"embeddable":true,"href":"https:\/\/www.cgtbaixllobregat.cat\/index.php\/wp-json\/wp\/v2\/comments?post=58"}],"version-history":[{"count":1,"href":"https:\/\/www.cgtbaixllobregat.cat\/index.php\/wp-json\/wp\/v2\/pages\/58\/revisions"}],"predecessor-version":[{"id":59,"href":"https:\/\/www.cgtbaixllobregat.cat\/index.php\/wp-json\/wp\/v2\/pages\/58\/revisions\/59"}],"wp:attachment":[{"href":"https:\/\/www.cgtbaixllobregat.cat\/index.php\/wp-json\/wp\/v2\/media?parent=58"}],"curies":[{"name":"wp","href":"https:\/\/api.w.org\/{rel}","templated":true}]}}